{"id":3819,"date":"2018-08-20T18:25:05","date_gmt":"2018-08-20T16:25:05","guid":{"rendered":"https:\/\/kudem.apps-1and1.net\/hakkimizda"},"modified":"2022-06-08T22:33:14","modified_gmt":"2022-06-08T20:33:14","slug":"hakkimizda","status":"publish","type":"page","link":"https:\/\/www.kudem.com\/tr\/hakkimizda","title":{"rendered":"Hakk\u0131m\u0131zda"},"content":{"rendered":"\t\t<div data-elementor-type=\"wp-post\" data-elementor-id=\"3819\" class=\"elementor elementor-3819 elementor-889\" data-elementor-post-type=\"page\">\n\t\t\t\t\t\t<section class=\"elementor-section elementor-top-section elementor-element elementor-element-2cd36832 elementor-section-height-min-height elementor-section-boxed elementor-section-height-default elementor-section-items-middle\" data-id=\"2cd36832\" data-element_type=\"section\" data-e-type=\"section\" data-settings=\"{&quot;background_background&quot;:&quot;classic&quot;}\">\n\t\t\t\t\t\t\t<div class=\"elementor-background-overlay\"><\/div>\n\t\t\t\t\t\t\t<div class=\"elementor-container elementor-column-gap-narrow\">\n\t\t\t\t\t<div class=\"elementor-column elementor-col-100 elementor-top-column elementor-element elementor-element-5146ba89\" data-id=\"5146ba89\" data-element_type=\"column\" data-e-type=\"column\">\n\t\t\t<div class=\"elementor-widget-wrap elementor-element-populated\">\n\t\t\t\t\t\t<div class=\"elementor-element elementor-element-ff59f70 elementor-widget elementor-widget-heading\" data-id=\"ff59f70\" data-element_type=\"widget\" data-e-type=\"widget\" data-widget_type=\"heading.default\">\n\t\t\t\t<div class=\"elementor-widget-container\">\n\t\t\t\t\t<h1 class=\"elementor-heading-title elementor-size-default\">Hakk\u0131m\u0131zda<\/h1>\t\t\t\t<\/div>\n\t\t\t\t<\/div>\n\t\t\t\t\t<\/div>\n\t\t<\/div>\n\t\t\t\t\t<\/div>\n\t\t<\/section>\n\t\t\t\t<section class=\"elementor-section elementor-top-section elementor-element elementor-element-498b2340 elementor-section-boxed elementor-section-height-default elementor-section-height-default\" data-id=\"498b2340\" data-element_type=\"section\" data-e-type=\"section\">\n\t\t\t\t\t\t<div class=\"elementor-container elementor-column-gap-default\">\n\t\t\t\t\t<div class=\"elementor-column elementor-col-100 elementor-top-column elementor-element elementor-element-7fb2ab5\" data-id=\"7fb2ab5\" data-element_type=\"column\" data-e-type=\"column\">\n\t\t\t<div class=\"elementor-widget-wrap elementor-element-populated\">\n\t\t\t\t\t\t<div class=\"elementor-element elementor-element-6155590 elementor-widget elementor-widget-text-editor\" data-id=\"6155590\" data-element_type=\"widget\" data-e-type=\"widget\" data-widget_type=\"text-editor.default\">\n\t\t\t\t<div class=\"elementor-widget-container\">\n\t\t\t\t\t\t\t\t\t<p>Avrupa M\u00fcsl\u00fcmanlar\u0131 K\u00fclt\u00fcrevi (KUDEM) 23.05.2004 tarihinde kamuya hizmet etmek i\u00e7in Almanya`n\u0131n Mannheim \u015fehrinin mutena bir semtinde, yakla\u015f\u0131k 5 d\u00f6n\u00fcm bir arsa sat\u0131n al\u0131n\u0131p \u00fczerindeki binalar tamamen modern bir \u015fekilde restore edilerek dernek stat\u00fcs\u00fcnde kurulmu\u015ftur. \u201e\u0130nsanlar\u0131n en hay\u0131rl\u0131s\u0131, insanl\u0131\u011fa faydas\u0131 dokunand\u0131r\u201c ilkesini \u015fiar edinen KUDEM (Avrupa M\u00fcsl\u00fcmanlar\u0131 K\u00fclt\u00fcrevi), \u00f6zelde i\u00e7erisinde bulundu\u011fu topluma, genelde ise insanl\u0131\u011fa ilim, irfan, k\u00fclt\u00fcr ve sanat\u0131n evrensel kap\u0131lar\u0131n\u0131 \u0130slam zaviyesinden aralayarak yeniden tan\u0131tma gayreti i\u00e7erisindedir. \u0130\u00e7erisinde bulundu\u011fumuz zaman ve mekan dilimlerinin, \u00f6zellikle de kendileriyle i\u00e7 i\u00e7e ya\u015fad\u0131\u011f\u0131m\u0131z, birebir muhatap oldu\u011fumuz Bat\u0131 toplumlar\u0131n\u0131n kendilerine \u00f6zg\u00fc \u015fartlar\u0131 g\u00f6z \u00f6n\u00fcnde bulunduruldu\u011funda, b\u00f6ylesi ilim, irfan, k\u00fclt\u00fcr ve sanata dayal\u0131 \u00e7al\u0131\u015fmalar\u0131n ne derece elzem ve ka\u00e7\u0131n\u0131lmaz oldu\u011fu g\u00f6r\u00fclecektir. \u0130\u015fte KUDEM \u00f6ncelikle Bat\u0131 toplumunda ya\u015fayan insan\u0131m\u0131za, kendimize ait paha bi\u00e7ilmez ulv\u00ee de\u011ferlerimizin ilim, irfan, k\u00fclt\u00fcr ve sanat perspektifinden aktar\u0131lmas\u0131, gen\u00e7 nesillerin bu de\u011ferlerle yeti\u015ftirilerek insanl\u0131\u011fa ve ona hizmete kazand\u0131r\u0131lmas\u0131, bunun da i\u00e7inde ya\u015fad\u0131\u011f\u0131 topluma, zemin ve mekana uygun bir formda tan\u0131t\u0131lmas\u0131 ihtiyac\u0131n\u0131 ve derdini zihninde ve y\u00fcre\u011finde hisseden, ilme, irfana ve sanata g\u00f6n\u00fcl veren, Avrupa\u00b4da ya\u015fayan disiplinli ama sevdal\u0131 akademisyen, i\u015f adam\u0131 ve \u00fcniversite \u00f6\u011frencilerinin i\u00e7inde bulundu\u011fu \u00e7ekirdek bir kadro taraf\u0131ndan kurulmu\u015ftur.<br>KUDEM, T\u00fcrkiye\u00b4mizden Almanya\u00b4ya \u00e7e\u015fitli ama\u00e7larla g\u00f6\u00e7 eden insan\u0131m\u0131z\u0131n ilim, irfan, k\u00fclt\u00fcr ve sanat temelleri \u00fczerinden Avrupa toplumuyla kurdu\u011fu sa\u011flam ve evrensel bir k\u00f6pr\u00fc; insan\u0131m\u0131z\u0131n ya\u015fad\u0131\u011f\u0131 topluma sosyok\u00fclt\u00fcrel uyum ve katk\u0131s\u0131 ile dinler ve k\u00fclt\u00fcrleraras\u0131 diyalog i\u00e7in gerekli olan ilim, irfan, k\u00fclt\u00fcr ve sanat\u0131n sunuldu\u011fu zengin bir platformdur.<br>\u0130\u00e7inde bulundu\u011fumuz toplumun fertleri olarak hedefimiz, toplumsal bar\u0131\u015f, k\u00fclt\u00fcr, sanat ve ilimde inisiyatifi ele al\u0131p y\u00fcksek ahlak de\u011ferlerini, bilim ve sanat\u0131 te\u015fvik ederek toplumsal huzuru desteklemektir. Bu y\u00fcksek hedefleri, ortak gelece\u011fimizin teminat\u0131 olan gen\u00e7 nesillerin g\u00f6n\u00fcllerine yerle\u015ftirmeyi, onlara kabiliyetleri do\u011frultusunda kendilerini geli\u015ftirebilecekleri zemini haz\u0131rlamay\u0131 m\u00fchim bir g\u00f6rev addetmekteyiz.<br>Federal Almanya\u00b4n\u0131n b\u00fct\u00fcn kentlerinden \u00fcyelerimiz olmakla birlikte, Avrupa\u00b4n\u0131n di\u011fer \u00fclkelerinden ve T\u00fcrkiye\u00b4mizden de \u00fcyelerimiz mevcuttur. Finansman\u0131m\u0131z tamamen \u00fcye aidatlar\u0131 ve ba\u011f\u0131\u015flardan sa\u011flanmaktad\u0131r. Avrupa\u00b4da ya\u015fayan insan\u0131m\u0131z taraf\u0131ndan ba\u011f\u0131ms\u0131z olarak kurulan bu dernek, kendi \u00f6zg\u00fcn proje ve \u00e7al\u0131\u015fmalar\u0131n\u0131n yan\u0131 s\u0131ra, di\u011fer ilgili ulusal ve uluslararas\u0131, resmi ve sivil kurum ve kurulu\u015flarla (ilgili bakanl\u0131klar, \u00fcniversite, enstit\u00fc, vak\u0131f, dernek vb.) \u2013 ba\u011f\u0131ms\u0131zl\u0131k ilkesine g\u00f6lge d\u00fc\u015f\u00fcrmeden \u2013 ortak projeler \u00fczerinde kooperatif \u00e7al\u0131\u015fma hedefindedir. KUDEM t\u00fcm bu hizmetleri ortaya koyarken herhangi bir siyasi ba\u011f\u0131ml\u0131l\u0131k g\u00fctmemektedir.<\/p>\t\t\t\t\t\t\t\t<\/div>\n\t\t\t\t<\/div>\n\t\t\t\t\t<\/div>\n\t\t<\/div>\n\t\t\t\t\t<\/div>\n\t\t<\/section>\n\t\t\t\t<\/div>\n\t\t","protected":false},"excerpt":{"rendered":"<p>Hakk\u0131m\u0131zda Avrupa M\u00fcsl\u00fcmanlar\u0131 K\u00fclt\u00fcrevi (KUDEM) 23.05.2004 tarihinde kamuya hizmet etmek i\u00e7in Almanya`n\u0131n Mannheim \u015fehrinin mutena bir semtinde, yakla\u015f\u0131k 5 d\u00f6n\u00fcm bir arsa sat\u0131n al\u0131n\u0131p \u00fczerindeki binalar tamamen modern bir \u015fekilde restore edilerek dernek stat\u00fcs\u00fcnde kurulmu\u015ftur. \u201e\u0130nsanlar\u0131n en hay\u0131rl\u0131s\u0131, insanl\u0131\u011fa faydas\u0131 dokunand\u0131r\u201c ilkesini \u015fiar edinen KUDEM (Avrupa M\u00fcsl\u00fcmanlar\u0131 K\u00fclt\u00fcrevi), \u00f6zelde i\u00e7erisinde bulundu\u011fu topluma, genelde ise insanl\u0131\u011fa [&hellip;]<\/p>\n","protected":false},"author":2,"featured_media":1314,"parent":0,"menu_order":0,"comment_status":"closed","ping_status":"closed","template":"elementor_header_footer","meta":{"footnotes":""},"class_list":["post-3819","page","type-page","status-publish","has-post-thumbnail","hentry"],"_links":{"self":[{"href":"https:\/\/www.kudem.com\/tr\/wp-json\/wp\/v2\/pages\/3819","targetHints":{"allow":["GET"]}}],"collection":[{"href":"https:\/\/www.kudem.com\/tr\/wp-json\/wp\/v2\/pages"}],"about":[{"href":"https:\/\/www.kudem.com\/tr\/wp-json\/wp\/v2\/types\/page"}],"author":[{"embeddable":true,"href":"https:\/\/www.kudem.com\/tr\/wp-json\/wp\/v2\/users\/2"}],"replies":[{"embeddable":true,"href":"https:\/\/www.kudem.com\/tr\/wp-json\/wp\/v2\/comments?post=3819"}],"version-history":[{"count":0,"href":"https:\/\/www.kudem.com\/tr\/wp-json\/wp\/v2\/pages\/3819\/revisions"}],"wp:featuredmedia":[{"embeddable":true,"href":"https:\/\/www.kudem.com\/tr\/wp-json\/wp\/v2\/media\/1314"}],"wp:attachment":[{"href":"https:\/\/www.kudem.com\/tr\/wp-json\/wp\/v2\/media?parent=3819"}],"curies":[{"name":"wp","href":"https:\/\/api.w.org\/{rel}","templated":true}]}}