{"id":3950,"date":"2019-11-16T11:49:03","date_gmt":"2019-11-16T10:49:03","guid":{"rendered":"https:\/\/kudem.apps-1and1.net\/almanyada-selefilik"},"modified":"2022-06-08T23:13:50","modified_gmt":"2022-06-08T21:13:50","slug":"almanyada-selefilik","status":"publish","type":"page","link":"https:\/\/www.kudem.com\/tr\/etkinlikler\/almanyada-selefilik","title":{"rendered":"Almanya\u2019da Selef\u00eelik"},"content":{"rendered":"\t\t<div data-elementor-type=\"wp-page\" data-elementor-id=\"3950\" class=\"elementor elementor-3950 elementor-2006\" data-elementor-post-type=\"page\">\n\t\t\t\t\t\t<section class=\"elementor-section elementor-top-section elementor-element elementor-element-7f0522bc elementor-section-content-middle elementor-section-boxed elementor-section-height-default elementor-section-height-default\" data-id=\"7f0522bc\" data-element_type=\"section\" data-e-type=\"section\" data-settings=\"{&quot;background_background&quot;:&quot;classic&quot;}\">\n\t\t\t\t\t\t\t<div class=\"elementor-background-overlay\"><\/div>\n\t\t\t\t\t\t\t<div class=\"elementor-container elementor-column-gap-no\">\n\t\t\t\t\t<div class=\"elementor-column elementor-col-100 elementor-top-column elementor-element elementor-element-4b1f6b55\" data-id=\"4b1f6b55\" data-element_type=\"column\" data-e-type=\"column\">\n\t\t\t<div class=\"elementor-widget-wrap elementor-element-populated\">\n\t\t\t\t\t\t<div class=\"elementor-element elementor-element-216af708 elementor-widget elementor-widget-spacer\" data-id=\"216af708\" data-element_type=\"widget\" data-e-type=\"widget\" data-widget_type=\"spacer.default\">\n\t\t\t\t<div class=\"elementor-widget-container\">\n\t\t\t\t\t\t\t<div class=\"elementor-spacer\">\n\t\t\t<div class=\"elementor-spacer-inner\"><\/div>\n\t\t<\/div>\n\t\t\t\t\t\t<\/div>\n\t\t\t\t<\/div>\n\t\t\t\t\t<\/div>\n\t\t<\/div>\n\t\t\t\t\t<\/div>\n\t\t<\/section>\n\t\t\t\t<section class=\"elementor-section elementor-top-section elementor-element elementor-element-3ad0a2a0 elementor-section-boxed elementor-section-height-default elementor-section-height-default\" data-id=\"3ad0a2a0\" data-element_type=\"section\" data-e-type=\"section\">\n\t\t\t\t\t\t<div class=\"elementor-container elementor-column-gap-default\">\n\t\t\t\t\t<div class=\"elementor-column elementor-col-100 elementor-top-column elementor-element elementor-element-142dc595\" data-id=\"142dc595\" data-element_type=\"column\" data-e-type=\"column\">\n\t\t\t<div class=\"elementor-widget-wrap elementor-element-populated\">\n\t\t\t\t\t\t<div class=\"elementor-element elementor-element-27b85fe1 elementor-widget elementor-widget-text-editor\" data-id=\"27b85fe1\" data-element_type=\"widget\" data-e-type=\"widget\" data-widget_type=\"text-editor.default\">\n\t\t\t\t<div class=\"elementor-widget-container\">\n\t\t\t\t\t\t\t\t\tKUDEM\u2019in destekledi\u011fi \u0130F\u0130S&amp;\u0130Z \u201eAlmanya\u2019da Selef\u00eelik\u201c konulu bilimsel oturum d\u00fczenledi\t\t\t\t\t\t\t\t<\/div>\n\t\t\t\t<\/div>\n\t\t\t\t<div class=\"elementor-element elementor-element-6bcadb85 elementor-widget elementor-widget-text-editor\" data-id=\"6bcadb85\" data-element_type=\"widget\" data-e-type=\"widget\" data-widget_type=\"text-editor.default\">\n\t\t\t\t<div class=\"elementor-widget-container\">\n\t\t\t\t\t\t\t\t\t<div class=\"_2cuy _3dgx _2vxa\">\u0130sl\u00e2m\u00ee Ara\u015ft\u0131rmalar ve K\u00fclt\u00fcrleraras\u0131 \u0130\u015fbirli\u011fi Enstit\u00fcs\u00fc (\u0130F\u0130S&amp;\u0130Z), Mannheim belediyesiyle beraber ortakla\u015fa olarak, Avrupa M\u00fcsl\u00fcmanlar\u0131 K\u00fclt\u00fcrevi\u2019nin (KUDEM) himayesinde \u201cAlmanya\u2019da Selef\u00eelik: Sebepleri, Etkileri ve Al\u0131nmas\u0131 Gereken Tedbirler\u201d konulu bilimsel bir toplant\u0131 d\u00fczenledi. Almanya\u2019n\u0131n her b\u00f6lgesinden gelen 150\u2019yi a\u015fk\u0131n kat\u0131l\u0131mc\u0131n\u0131n i\u015ftirak etti\u011fi programda, alan\u0131nda yetkin uzman ve bilim adamlar\u0131 konuya ili\u015fkin g\u00f6r\u00fc\u015f ve d\u00fc\u015f\u00fcncelerini dile getirdi. A\u00e7\u0131l\u0131\u015f konu\u015fmalar\u0131 ve sunumlar, Prof. Dr. H\u00fcseyin \u0130lker \u00c7\u0131nar (\u0130F\u0130S&amp;\u0130Z\u2019in kurucusu ve Osnabr\u00fcck \u00dcniversitesi Tefsir Anabilim Dal\u0131 Ba\u015fkan\u0131), Dr. Peter Kurz (Mannheim B\u00fcy\u00fck\u015fehir Belediye ba\u015fkan\u0131), Aiman Mazyek (Almanya M\u00fcsl\u00fcmanlar\u0131 Merkez Konseyi Ba\u015fkan\u0131), Dr. Martin Kellner (Osnabr\u00fcck \u00dcniversitesi), Thomas K\u00f6ber (Mannheim Emniyet Genel M\u00fcd\u00fcr\u00fc), Dr. Benno K\u00f6pfer (Baden-W\u00fcrttemberg Eyaleti \u0130stihbarat Te\u015fkilat\u0131) ve Prof. Dr. J\u00f6rg \u0130mran Schr\u00f6ter (Karsluhe Pedagoji Y\u00fcksek Okulu) taraf\u0131ndan ger\u00e7ekle\u015ftirildi. Toplant\u0131, podyum tart\u0131\u015fmas\u0131 ve soru-cevap fasl\u0131 ile sona erdi.<\/div>\n<div class=\"_2cuy _3dgx _2vxa\">Muhterem Prof. Dr. H\u00fcseyin \u0130lker \u00c7\u0131nar , a\u00e7\u0131l\u0131\u015f konu\u015fmas\u0131nda \u0130F\u0130S&amp;\u0130Z ve onun destekleyici kurumu olan KUDEM\u2019in uzun y\u0131llardan beri insan\u0131m\u0131za ve insanl\u0131\u011fa ilim, irfan, k\u00fclt\u00fcr, sanat ve m\u00fbs\u0131ki alanlar\u0131nda \u00e7ok de\u011ferli hizmetler verdi\u011fini hat\u0131rlatarak konu\u015fmas\u0131nda \u015fu ifadere yer verdi: \u201eBizim a\u00e7\u0131m\u0131zdan bu evrensel de\u011ferler, farkl\u0131 toplum ve k\u00fclt\u00fcrlerin anla\u015f\u0131p kayna\u015fmas\u0131 veya en az\u0131ndan asgari m\u00fc\u015ftereklerde bulu\u015fulmas\u0131 hususunda ortak dili olu\u015fturmaktad\u0131rlar. Bu de\u011ferler huzurlu bir \u015fekilde bir arada ya\u015famay\u0131 sa\u011flamakla yetinmeyip ayn\u0131 zamanda radikal ak\u0131m ve olu\u015fumlara kar\u015f\u0131 koruyucu bir panzehir de te\u015fkil etmektedirler. Bu a\u00e7\u0131dan din ad\u0131na temeli olmay\u0131p ama bir \u015fekilde din ad\u0131na ortaya konan a\u015f\u0131r\u0131 g\u00f6r\u00fc\u015flerin ve radikallerin \u00f6n\u00fcn\u00fcn al\u0131nmas\u0131 i\u00e7in kadim \u0130slam medeniyetine ait paha bi\u00e7ilemez kaynaklar\u0131n sa\u011fl\u0131kl\u0131 bir \u015fekilde i\u015flenebilece\u011fi \u0130sl\u00e2m&nbsp;\u0130l\u00e2hiyat\u0131\u2019n\u0131n hayat\u0131n\u0131n Avrupa\u2019da k\u00f6kl\u00fc bir \u015fekilde yerle\u015fip ne\u015fv\u00fc nema bulmas\u0131 hayati \u00f6neme sahiptir.\u201d Yanl\u0131\u015f bir \u0130sl\u00e2m alg\u0131s\u0131ndan kaynaklanan y\u0131k\u0131c\u0131 ve \u015fiddete e\u011filimli bu radikal olu\u015fumlara kar\u015f\u0131 Prof. Dr. H\u00fcseyin \u0130lker \u00c7\u0131nar bir alternatif olarak rahmeti ve \u015fefkati \u00f6ne alan, hurafelerden uzak ilmili\u011fi esas alan \u0130slam tasavvufunu \u00f6n plana \u00e7\u0131kard\u0131. Zira \u0130sl\u00e2m tasavvufu ihlas ihsan i\u00e7re maneviyat\u0131, birarada huzur i\u00e7inde ya\u015fama, sevgi-muhabbet, a\u015fk gibi ki\u015finin kendisi, Yaradan\u2019\u0131 ve \u00e7evresiyle bar\u0131\u015f\u0131k olmas\u0131 gibi ulv\u00ee de\u011ferleri temel esaslar olarak benimser.<\/div>\t\t\t\t\t\t\t\t<\/div>\n\t\t\t\t<\/div>\n\t\t\t\t\t<\/div>\n\t\t<\/div>\n\t\t\t\t\t<\/div>\n\t\t<\/section>\n\t\t\t\t<section class=\"elementor-section elementor-top-section elementor-element elementor-element-41e677a3 elementor-section-content-middle elementor-section-boxed elementor-section-height-default elementor-section-height-default\" data-id=\"41e677a3\" data-element_type=\"section\" data-e-type=\"section\">\n\t\t\t\t\t\t<div class=\"elementor-container elementor-column-gap-no\">\n\t\t\t\t\t<div class=\"elementor-column elementor-col-100 elementor-top-column elementor-element elementor-element-7d32cd0c\" data-id=\"7d32cd0c\" data-element_type=\"column\" data-e-type=\"column\">\n\t\t\t<div class=\"elementor-widget-wrap elementor-element-populated\">\n\t\t\t\t\t\t<div class=\"elementor-element elementor-element-1eb21895 elementor-skin-slideshow elementor-arrows-yes elementor-widget elementor-widget-media-carousel\" data-id=\"1eb21895\" data-element_type=\"widget\" data-e-type=\"widget\" data-settings=\"{&quot;space_between&quot;:{&quot;unit&quot;:&quot;px&quot;,&quot;size&quot;:21,&quot;sizes&quot;:[]},&quot;skin&quot;:&quot;slideshow&quot;,&quot;effect&quot;:&quot;slide&quot;,&quot;show_arrows&quot;:&quot;yes&quot;,&quot;speed&quot;:500,&quot;autoplay&quot;:&quot;yes&quot;,&quot;autoplay_speed&quot;:5000,&quot;loop&quot;:&quot;yes&quot;,&quot;pause_on_hover&quot;:&quot;yes&quot;,&quot;pause_on_interaction&quot;:&quot;yes&quot;,&quot;space_between_tablet&quot;:{&quot;unit&quot;:&quot;px&quot;,&quot;size&quot;:10,&quot;sizes&quot;:[]},&quot;space_between_mobile&quot;:{&quot;unit&quot;:&quot;px&quot;,&quot;size&quot;:10,&quot;sizes&quot;:[]}}\" data-widget_type=\"media-carousel.default\">\n\t\t\t\t<div class=\"elementor-widget-container\">\n\t\t\t\t\t\t\t\t\t<div class=\"elementor-swiper\">\n\t\t\t\t\t<div class=\"elementor-main-swiper swiper\" role=\"region\" aria-roledescription=\"carousel\" aria-label=\"Slides\">\n\t\t\t\t<div class=\"swiper-wrapper\">\n\t\t\t\t\t\t\t\t\t\t\t<div class=\"swiper-slide\" role=\"group\" aria-roledescription=\"slide\">\n\t\t\t\t\t\t\t\t\t<div class=\"elementor-carousel-image\" role=\"img\" aria-label=\"IFISIZ_wissenschaftliche_Fachtagung_Salafismus_in_Deutschland_69.jpg\" style=\"background-image: url(&#039;https:\/\/www.kudem.com\/wp-content\/uploads\/2019\/11\/IFISIZ_wissenschaftliche_Fachtagung_Salafismus_in_Deutschland_69.jpg&#039;)\">\n\n\t\t\t\n\t\t\t\t\t<\/div>\n\t\t\t\t\t\t\t\t<\/div>\n\t\t\t\t\t\t\t\t\t\t\t<div class=\"swiper-slide\" role=\"group\" aria-roledescription=\"slide\">\n\t\t\t\t\t\t\t\t\t<div class=\"elementor-carousel-image\" role=\"img\" aria-label=\"IFISIZ_wissenschaftliche_Fachtagung_Salafismus_in_Deutschland_30.jpg\" style=\"background-image: url(&#039;https:\/\/www.kudem.com\/wp-content\/uploads\/2019\/11\/IFISIZ_wissenschaftliche_Fachtagung_Salafismus_in_Deutschland_30.jpg&#039;)\">\n\n\t\t\t\n\t\t\t\t\t<\/div>\n\t\t\t\t\t\t\t\t<\/div>\n\t\t\t\t\t\t\t\t\t\t\t<div class=\"swiper-slide\" role=\"group\" aria-roledescription=\"slide\">\n\t\t\t\t\t\t\t\t\t<div class=\"elementor-carousel-image\" role=\"img\" aria-label=\"IFISIZ_wissenschaftliche_Fachtagung_Salafismus_in_Deutschland_32.jpg\" style=\"background-image: url(&#039;https:\/\/www.kudem.com\/wp-content\/uploads\/2019\/11\/IFISIZ_wissenschaftliche_Fachtagung_Salafismus_in_Deutschland_32.jpg&#039;)\">\n\n\t\t\t\n\t\t\t\t\t<\/div>\n\t\t\t\t\t\t\t\t<\/div>\n\t\t\t\t\t\t\t\t\t\t\t<div class=\"swiper-slide\" role=\"group\" aria-roledescription=\"slide\">\n\t\t\t\t\t\t\t\t\t<div class=\"elementor-carousel-image\" role=\"img\" aria-label=\"IFISIZ_wissenschaftliche_Fachtagung_Salafismus_in_Deutschland_35.jpg\" style=\"background-image: url(&#039;https:\/\/www.kudem.com\/wp-content\/uploads\/2019\/11\/IFISIZ_wissenschaftliche_Fachtagung_Salafismus_in_Deutschland_35.jpg&#039;)\">\n\n\t\t\t\n\t\t\t\t\t<\/div>\n\t\t\t\t\t\t\t\t<\/div>\n\t\t\t\t\t\t\t\t\t\t\t<div class=\"swiper-slide\" role=\"group\" aria-roledescription=\"slide\">\n\t\t\t\t\t\t\t\t\t<div class=\"elementor-carousel-image\" role=\"img\" aria-label=\"IFISIZ_wissenschaftliche_Fachtagung_Salafismus_in_Deutschland_40.jpg\" style=\"background-image: url(&#039;https:\/\/www.kudem.com\/wp-content\/uploads\/2019\/11\/IFISIZ_wissenschaftliche_Fachtagung_Salafismus_in_Deutschland_40.jpg&#039;)\">\n\n\t\t\t\n\t\t\t\t\t<\/div>\n\t\t\t\t\t\t\t\t<\/div>\n\t\t\t\t\t\t\t\t\t\t\t<div class=\"swiper-slide\" role=\"group\" aria-roledescription=\"slide\">\n\t\t\t\t\t\t\t\t\t<div class=\"elementor-carousel-image\" role=\"img\" aria-label=\"IFISIZ_wissenschaftliche_Fachtagung_Salafismus_in_Deutschland_63.jpg\" style=\"background-image: url(&#039;https:\/\/www.kudem.com\/wp-content\/uploads\/2019\/11\/IFISIZ_wissenschaftliche_Fachtagung_Salafismus_in_Deutschland_63.jpg&#039;)\">\n\n\t\t\t\n\t\t\t\t\t<\/div>\n\t\t\t\t\t\t\t\t<\/div>\n\t\t\t\t\t\t\t\t\t\t\t<div class=\"swiper-slide\" role=\"group\" aria-roledescription=\"slide\">\n\t\t\t\t\t\t\t\t\t<div class=\"elementor-carousel-image\" role=\"img\" aria-label=\"IFISIZ_wissenschaftliche_Fachtagung_Salafismus_in_Deutschland_43.jpg\" style=\"background-image: url(&#039;https:\/\/www.kudem.com\/wp-content\/uploads\/2019\/11\/IFISIZ_wissenschaftliche_Fachtagung_Salafismus_in_Deutschland_43.jpg&#039;)\">\n\n\t\t\t\n\t\t\t\t\t<\/div>\n\t\t\t\t\t\t\t\t<\/div>\n\t\t\t\t\t\t\t\t\t\t\t<div class=\"swiper-slide\" role=\"group\" aria-roledescription=\"slide\">\n\t\t\t\t\t\t\t\t\t<div class=\"elementor-carousel-image\" role=\"img\" aria-label=\"IFISIZ_wissenschaftliche_Fachtagung_Salafismus_in_Deutschland_56.jpg\" style=\"background-image: url(&#039;https:\/\/www.kudem.com\/wp-content\/uploads\/2019\/11\/IFISIZ_wissenschaftliche_Fachtagung_Salafismus_in_Deutschland_56.jpg&#039;)\">\n\n\t\t\t\n\t\t\t\t\t<\/div>\n\t\t\t\t\t\t\t\t<\/div>\n\t\t\t\t\t\t\t\t\t<\/div>\n\t\t\t\t\t\t\t\t\t\t\t\t\t\t\t<div class=\"elementor-swiper-button elementor-swiper-button-prev\" role=\"button\" tabindex=\"0\" aria-label=\"Previous\">\n\t\t\t\t\t\t\t<svg aria-hidden=\"true\" class=\"e-font-icon-svg e-eicon-chevron-left\" viewBox=\"0 0 1000 1000\" xmlns=\"http:\/\/www.w3.org\/2000\/svg\"><path d=\"M646 125C629 125 613 133 604 142L308 442C296 454 292 471 292 487 292 504 296 521 308 533L604 854C617 867 629 875 646 875 663 875 679 871 692 858 704 846 713 829 713 812 713 796 708 779 692 767L438 487 692 225C700 217 708 204 708 187 708 171 704 154 692 142 675 129 663 125 646 125Z\"><\/path><\/svg>\t\t\t\t\t\t<\/div>\n\t\t\t\t\t\t<div class=\"elementor-swiper-button elementor-swiper-button-next\" role=\"button\" tabindex=\"0\" aria-label=\"Next\">\n\t\t\t\t\t\t\t<svg aria-hidden=\"true\" class=\"e-font-icon-svg e-eicon-chevron-right\" viewBox=\"0 0 1000 1000\" xmlns=\"http:\/\/www.w3.org\/2000\/svg\"><path d=\"M696 533C708 521 713 504 713 487 713 471 708 454 696 446L400 146C388 133 375 125 354 125 338 125 325 129 313 142 300 154 292 171 292 187 292 204 296 221 308 233L563 492 304 771C292 783 288 800 288 817 288 833 296 850 308 863 321 871 338 875 354 875 371 875 388 867 400 854L696 533Z\"><\/path><\/svg>\t\t\t\t\t\t<\/div>\n\t\t\t\t\t\t\t\t\t\t\t\t\t\t\t\t\t<\/div>\n\t\t\t\t<\/div>\n\t\t\t\t\t\t\t\t<div class=\"elementor-swiper\">\n\t\t\t\t\t<div class=\"elementor-main-swiper swiper elementor-thumbnails-swiper swiper\" role=\"region region\" aria-roledescription=\"carousel carousel\" aria-label=\"Slides Slides\">\n\t\t\t\t<div class=\"swiper-wrapper\">\n\t\t\t\t\t\t\t\t\t\t\t<div class=\"swiper-slide\" role=\"group\" aria-roledescription=\"slide\">\n\t\t\t\t\t\t\t\t\t<div class=\"elementor-carousel-image\" role=\"img\" aria-label=\"IFISIZ_wissenschaftliche_Fachtagung_Salafismus_in_Deutschland_69.jpg\" style=\"background-image: url(&#039;https:\/\/www.kudem.com\/wp-content\/uploads\/2019\/11\/IFISIZ_wissenschaftliche_Fachtagung_Salafismus_in_Deutschland_69.jpg&#039;)\">\n\n\t\t\t\n\t\t\t\t\t<\/div>\n\t\t\t\t\t\t\t\t<\/div>\n\t\t\t\t\t\t\t\t\t\t\t<div class=\"swiper-slide\" role=\"group\" aria-roledescription=\"slide\">\n\t\t\t\t\t\t\t\t\t<div class=\"elementor-carousel-image\" role=\"img\" aria-label=\"IFISIZ_wissenschaftliche_Fachtagung_Salafismus_in_Deutschland_30.jpg\" style=\"background-image: url(&#039;https:\/\/www.kudem.com\/wp-content\/uploads\/2019\/11\/IFISIZ_wissenschaftliche_Fachtagung_Salafismus_in_Deutschland_30.jpg&#039;)\">\n\n\t\t\t\n\t\t\t\t\t<\/div>\n\t\t\t\t\t\t\t\t<\/div>\n\t\t\t\t\t\t\t\t\t\t\t<div class=\"swiper-slide\" role=\"group\" aria-roledescription=\"slide\">\n\t\t\t\t\t\t\t\t\t<div class=\"elementor-carousel-image\" role=\"img\" aria-label=\"IFISIZ_wissenschaftliche_Fachtagung_Salafismus_in_Deutschland_32.jpg\" style=\"background-image: url(&#039;https:\/\/www.kudem.com\/wp-content\/uploads\/2019\/11\/IFISIZ_wissenschaftliche_Fachtagung_Salafismus_in_Deutschland_32.jpg&#039;)\">\n\n\t\t\t\n\t\t\t\t\t<\/div>\n\t\t\t\t\t\t\t\t<\/div>\n\t\t\t\t\t\t\t\t\t\t\t<div class=\"swiper-slide\" role=\"group\" aria-roledescription=\"slide\">\n\t\t\t\t\t\t\t\t\t<div class=\"elementor-carousel-image\" role=\"img\" aria-label=\"IFISIZ_wissenschaftliche_Fachtagung_Salafismus_in_Deutschland_35.jpg\" style=\"background-image: url(&#039;https:\/\/www.kudem.com\/wp-content\/uploads\/2019\/11\/IFISIZ_wissenschaftliche_Fachtagung_Salafismus_in_Deutschland_35.jpg&#039;)\">\n\n\t\t\t\n\t\t\t\t\t<\/div>\n\t\t\t\t\t\t\t\t<\/div>\n\t\t\t\t\t\t\t\t\t\t\t<div class=\"swiper-slide\" role=\"group\" aria-roledescription=\"slide\">\n\t\t\t\t\t\t\t\t\t<div class=\"elementor-carousel-image\" role=\"img\" aria-label=\"IFISIZ_wissenschaftliche_Fachtagung_Salafismus_in_Deutschland_40.jpg\" style=\"background-image: url(&#039;https:\/\/www.kudem.com\/wp-content\/uploads\/2019\/11\/IFISIZ_wissenschaftliche_Fachtagung_Salafismus_in_Deutschland_40.jpg&#039;)\">\n\n\t\t\t\n\t\t\t\t\t<\/div>\n\t\t\t\t\t\t\t\t<\/div>\n\t\t\t\t\t\t\t\t\t\t\t<div class=\"swiper-slide\" role=\"group\" aria-roledescription=\"slide\">\n\t\t\t\t\t\t\t\t\t<div class=\"elementor-carousel-image\" role=\"img\" aria-label=\"IFISIZ_wissenschaftliche_Fachtagung_Salafismus_in_Deutschland_63.jpg\" style=\"background-image: url(&#039;https:\/\/www.kudem.com\/wp-content\/uploads\/2019\/11\/IFISIZ_wissenschaftliche_Fachtagung_Salafismus_in_Deutschland_63.jpg&#039;)\">\n\n\t\t\t\n\t\t\t\t\t<\/div>\n\t\t\t\t\t\t\t\t<\/div>\n\t\t\t\t\t\t\t\t\t\t\t<div class=\"swiper-slide\" role=\"group\" aria-roledescription=\"slide\">\n\t\t\t\t\t\t\t\t\t<div class=\"elementor-carousel-image\" role=\"img\" aria-label=\"IFISIZ_wissenschaftliche_Fachtagung_Salafismus_in_Deutschland_43.jpg\" style=\"background-image: url(&#039;https:\/\/www.kudem.com\/wp-content\/uploads\/2019\/11\/IFISIZ_wissenschaftliche_Fachtagung_Salafismus_in_Deutschland_43.jpg&#039;)\">\n\n\t\t\t\n\t\t\t\t\t<\/div>\n\t\t\t\t\t\t\t\t<\/div>\n\t\t\t\t\t\t\t\t\t\t\t<div class=\"swiper-slide\" role=\"group\" aria-roledescription=\"slide\">\n\t\t\t\t\t\t\t\t\t<div class=\"elementor-carousel-image\" role=\"img\" aria-label=\"IFISIZ_wissenschaftliche_Fachtagung_Salafismus_in_Deutschland_56.jpg\" style=\"background-image: url(&#039;https:\/\/www.kudem.com\/wp-content\/uploads\/2019\/11\/IFISIZ_wissenschaftliche_Fachtagung_Salafismus_in_Deutschland_56.jpg&#039;)\">\n\n\t\t\t\n\t\t\t\t\t<\/div>\n\t\t\t\t\t\t\t\t<\/div>\n\t\t\t\t\t\t\t\t\t<\/div>\n\t\t\t\t\t\t\t\t\t\t\t\t\t\t\t\t\t\t\t\t\t<\/div>\n\t\t\t\t<\/div>\n\t\t\t\t\t\t\t\t<\/div>\n\t\t\t\t<\/div>\n\t\t\t\t\t<\/div>\n\t\t<\/div>\n\t\t\t\t\t<\/div>\n\t\t<\/section>\n\t\t\t\t<section class=\"elementor-section elementor-top-section elementor-element elementor-element-384470ca elementor-section-boxed elementor-section-height-default elementor-section-height-default\" data-id=\"384470ca\" data-element_type=\"section\" data-e-type=\"section\">\n\t\t\t\t\t\t<div class=\"elementor-container elementor-column-gap-default\">\n\t\t\t\t\t<div class=\"elementor-column elementor-col-100 elementor-top-column elementor-element elementor-element-42d5d9fa\" data-id=\"42d5d9fa\" data-element_type=\"column\" data-e-type=\"column\">\n\t\t\t<div class=\"elementor-widget-wrap elementor-element-populated\">\n\t\t\t\t\t\t<div class=\"elementor-element elementor-element-20f70bbe elementor-widget elementor-widget-text-editor\" data-id=\"20f70bbe\" data-element_type=\"widget\" data-e-type=\"widget\" data-widget_type=\"text-editor.default\">\n\t\t\t\t<div class=\"elementor-widget-container\">\n\t\t\t\t\t\t\t\t\tB\u00f6yle bir program\u0131n d\u00fczenlenmesinde \u00f6n ayak oldu\u011fu i\u00e7in \u0130F\u0130S&amp;\u0130Z\u2019e te\u015fekk\u00fcrlerini arz eden Belediye Ba\u015fkan\u0131 Dr. Peter Kurz, insanlar\u0131 kat\u0131 yakla\u015f\u0131mlardan uzak tutmak ve meseleleri daha geni\u015f bir bak\u0131\u015f a\u00e7\u0131s\u0131yla de\u011ferlendirebilmek i\u00e7in diyalog ve g\u00f6r\u00fc\u015fmelerin \u00f6nemine dikkat \u00e7ekti. Almanya M\u00fcsl\u00fcmanlar\u0131 Merkez Konseyi Ba\u015fkan\u0131 Aiman Mazyek ise, organize edilen program\u0131 ve daha genel anlamda \u0130F\u0130S&amp;\u0130Z\u2019in yapm\u0131\u015f oldu\u011fu \u00e7al\u0131\u015fmalar\u0131 halk\u0131n i\u00e7inden gelen m\u00fcsl\u00fcmanlar\u0131n \u00f6nemli bir katk\u0131s\u0131 olarak g\u00f6rd\u00fc\u011f\u00fcn\u00fc dile getirdi. \u0130l\u00e2hiyat\u00e7\u0131 akademisyen Dr. Kellner, yapm\u0131\u015f oldu\u011fu sunumda selef\u00ee gruplar\u0131n isl\u00e2m\u00ee kaynaklar\u0131 anlamadaki yakla\u015f\u0131mlar\u0131n\u0131 dile getirerek radikalle\u015fmenin teolojik olarak hangi yollarla \u00f6n\u00fcne ge\u00e7ilebilece\u011fi sorusuna ili\u015fkin fikir ve g\u00f6r\u00fc\u015flerini ifade etti. Emniyet Genel M\u00fcd\u00fcr\u00fc K\u00f6ber ise, genellikle toplumsal hayatta ba\u015far\u0131l\u0131 olamayan ve \u00f6teden beri sab\u0131kal\u0131 olan gen\u00e7lerin a\u015f\u0131r\u0131 gruplara ra\u011fbet etti\u011fine vurgu yapt\u0131. Bundan dolay\u0131 ki\u015filerin, evde, okulda ve camii cemaatlerinde bu gibi konularda ayd\u0131nlat\u0131larak erken d\u00f6nemlerden ba\u015flamak suretiyle bilgilendirilmesi gerekti\u011fine i\u015farett etti. Ayn\u0131 hususa dikkat \u00e7eken pedagog Prof. Dr. J\u00f6rg \u0130mran Schr\u00f6ter \u201e\u0130sl\u00e2m din dersinde bar\u0131\u015f e\u011fitimi\u201c ba\u015fl\u0131kl\u0131 sunumunda radikelle\u015fmenin ki\u015finin dindarl\u0131\u011f\u0131ndan ziyade dinden uzakla\u015f\u0131p ona yabanc\u0131la\u015fmayla yak\u0131ndan ilgili oldu\u011funu dile getirdi.\t\t\t\t\t\t\t\t<\/div>\n\t\t\t\t<\/div>\n\t\t\t\t\t<\/div>\n\t\t<\/div>\n\t\t\t\t\t<\/div>\n\t\t<\/section>\n\t\t\t\t<section class=\"elementor-section elementor-top-section elementor-element elementor-element-aecafc8 elementor-section-content-middle elementor-section-boxed elementor-section-height-default elementor-section-height-default\" data-id=\"aecafc8\" data-element_type=\"section\" data-e-type=\"section\">\n\t\t\t\t\t\t<div class=\"elementor-container elementor-column-gap-no\">\n\t\t\t\t\t<div class=\"elementor-column elementor-col-100 elementor-top-column elementor-element elementor-element-5d8a00df\" data-id=\"5d8a00df\" data-element_type=\"column\" data-e-type=\"column\">\n\t\t\t<div class=\"elementor-widget-wrap elementor-element-populated\">\n\t\t\t\t\t\t<div class=\"elementor-element elementor-element-eb5a28f elementor-skin-slideshow elementor-arrows-yes elementor-widget elementor-widget-media-carousel\" data-id=\"eb5a28f\" data-element_type=\"widget\" data-e-type=\"widget\" data-settings=\"{&quot;space_between&quot;:{&quot;unit&quot;:&quot;px&quot;,&quot;size&quot;:29,&quot;sizes&quot;:[]},&quot;skin&quot;:&quot;slideshow&quot;,&quot;effect&quot;:&quot;slide&quot;,&quot;show_arrows&quot;:&quot;yes&quot;,&quot;speed&quot;:500,&quot;autoplay&quot;:&quot;yes&quot;,&quot;autoplay_speed&quot;:5000,&quot;loop&quot;:&quot;yes&quot;,&quot;pause_on_hover&quot;:&quot;yes&quot;,&quot;pause_on_interaction&quot;:&quot;yes&quot;,&quot;space_between_tablet&quot;:{&quot;unit&quot;:&quot;px&quot;,&quot;size&quot;:10,&quot;sizes&quot;:[]},&quot;space_between_mobile&quot;:{&quot;unit&quot;:&quot;px&quot;,&quot;size&quot;:10,&quot;sizes&quot;:[]}}\" data-widget_type=\"media-carousel.default\">\n\t\t\t\t<div class=\"elementor-widget-container\">\n\t\t\t\t\t\t\t\t\t<div class=\"elementor-swiper\">\n\t\t\t\t\t<div class=\"elementor-main-swiper swiper\" role=\"region\" aria-roledescription=\"carousel\" aria-label=\"Slides\">\n\t\t\t\t<div class=\"swiper-wrapper\">\n\t\t\t\t\t\t\t\t\t\t\t<div class=\"swiper-slide\" role=\"group\" aria-roledescription=\"slide\">\n\t\t\t\t\t\t\t\t\t<div class=\"elementor-carousel-image\" role=\"img\" aria-label=\"IFISIZ_wissenschaftliche_Fachtagung_Salafismus_in_Deutschland_2.jpg\" style=\"background-image: url(&#039;https:\/\/www.kudem.com\/wp-content\/uploads\/2019\/11\/IFISIZ_wissenschaftliche_Fachtagung_Salafismus_in_Deutschland_2.jpg&#039;)\">\n\n\t\t\t\n\t\t\t\t\t<\/div>\n\t\t\t\t\t\t\t\t<\/div>\n\t\t\t\t\t\t\t\t\t\t\t<div class=\"swiper-slide\" role=\"group\" aria-roledescription=\"slide\">\n\t\t\t\t\t\t\t\t\t<div class=\"elementor-carousel-image\" role=\"img\" aria-label=\"IFISIZ_wissenschaftliche_Fachtagung_Salafismus_in_Deutschland_66.jpg\" style=\"background-image: url(&#039;https:\/\/www.kudem.com\/wp-content\/uploads\/2019\/11\/IFISIZ_wissenschaftliche_Fachtagung_Salafismus_in_Deutschland_66.jpg&#039;)\">\n\n\t\t\t\n\t\t\t\t\t<\/div>\n\t\t\t\t\t\t\t\t<\/div>\n\t\t\t\t\t\t\t\t\t\t\t<div class=\"swiper-slide\" role=\"group\" aria-roledescription=\"slide\">\n\t\t\t\t\t\t\t\t\t<div class=\"elementor-carousel-image\" role=\"img\" aria-label=\"IFISIZ_wissenschaftliche_Fachtagung_Salafismus_in_Deutschland_74.jpg\" style=\"background-image: url(&#039;https:\/\/www.kudem.com\/wp-content\/uploads\/2019\/11\/IFISIZ_wissenschaftliche_Fachtagung_Salafismus_in_Deutschland_74.jpg&#039;)\">\n\n\t\t\t\n\t\t\t\t\t<\/div>\n\t\t\t\t\t\t\t\t<\/div>\n\t\t\t\t\t\t\t\t\t\t\t<div class=\"swiper-slide\" role=\"group\" aria-roledescription=\"slide\">\n\t\t\t\t\t\t\t\t\t<div class=\"elementor-carousel-image\" role=\"img\" aria-label=\"IFISIZ_wissenschaftliche_Fachtagung_Salafismus_in_Deutschland_62.jpg\" style=\"background-image: url(&#039;https:\/\/www.kudem.com\/wp-content\/uploads\/2019\/11\/IFISIZ_wissenschaftliche_Fachtagung_Salafismus_in_Deutschland_62.jpg&#039;)\">\n\n\t\t\t\n\t\t\t\t\t<\/div>\n\t\t\t\t\t\t\t\t<\/div>\n\t\t\t\t\t\t\t\t\t\t\t<div class=\"swiper-slide\" role=\"group\" aria-roledescription=\"slide\">\n\t\t\t\t\t\t\t\t\t<div class=\"elementor-carousel-image\" role=\"img\" aria-label=\"IFISIZ_wissenschaftliche_Fachtagung_Salafismus_in_Deutschland_64.jpg\" style=\"background-image: url(&#039;https:\/\/www.kudem.com\/wp-content\/uploads\/2019\/11\/IFISIZ_wissenschaftliche_Fachtagung_Salafismus_in_Deutschland_64.jpg&#039;)\">\n\n\t\t\t\n\t\t\t\t\t<\/div>\n\t\t\t\t\t\t\t\t<\/div>\n\t\t\t\t\t\t\t\t\t\t\t<div class=\"swiper-slide\" role=\"group\" aria-roledescription=\"slide\">\n\t\t\t\t\t\t\t\t\t<div class=\"elementor-carousel-image\" role=\"img\" aria-label=\"IFISIZ_wissenschaftliche_Fachtagung_Salafismus_in_Deutschland_5.jpg\" style=\"background-image: url(&#039;https:\/\/www.kudem.com\/wp-content\/uploads\/2019\/11\/IFISIZ_wissenschaftliche_Fachtagung_Salafismus_in_Deutschland_5.jpg&#039;)\">\n\n\t\t\t\n\t\t\t\t\t<\/div>\n\t\t\t\t\t\t\t\t<\/div>\n\t\t\t\t\t\t\t\t\t\t\t<div class=\"swiper-slide\" role=\"group\" aria-roledescription=\"slide\">\n\t\t\t\t\t\t\t\t\t<div class=\"elementor-carousel-image\" role=\"img\" aria-label=\"IFISIZ_wissenschaftliche_Fachtagung_Salafismus_in_Deutschland_9.jpg\" style=\"background-image: url(&#039;https:\/\/www.kudem.com\/wp-content\/uploads\/2019\/11\/IFISIZ_wissenschaftliche_Fachtagung_Salafismus_in_Deutschland_9.jpg&#039;)\">\n\n\t\t\t\n\t\t\t\t\t<\/div>\n\t\t\t\t\t\t\t\t<\/div>\n\t\t\t\t\t\t\t\t\t<\/div>\n\t\t\t\t\t\t\t\t\t\t\t\t\t\t\t<div class=\"elementor-swiper-button elementor-swiper-button-prev\" role=\"button\" tabindex=\"0\" aria-label=\"Previous\">\n\t\t\t\t\t\t\t<svg aria-hidden=\"true\" class=\"e-font-icon-svg e-eicon-chevron-left\" viewBox=\"0 0 1000 1000\" xmlns=\"http:\/\/www.w3.org\/2000\/svg\"><path d=\"M646 125C629 125 613 133 604 142L308 442C296 454 292 471 292 487 292 504 296 521 308 533L604 854C617 867 629 875 646 875 663 875 679 871 692 858 704 846 713 829 713 812 713 796 708 779 692 767L438 487 692 225C700 217 708 204 708 187 708 171 704 154 692 142 675 129 663 125 646 125Z\"><\/path><\/svg>\t\t\t\t\t\t<\/div>\n\t\t\t\t\t\t<div class=\"elementor-swiper-button elementor-swiper-button-next\" role=\"button\" tabindex=\"0\" aria-label=\"Next\">\n\t\t\t\t\t\t\t<svg aria-hidden=\"true\" class=\"e-font-icon-svg e-eicon-chevron-right\" viewBox=\"0 0 1000 1000\" xmlns=\"http:\/\/www.w3.org\/2000\/svg\"><path d=\"M696 533C708 521 713 504 713 487 713 471 708 454 696 446L400 146C388 133 375 125 354 125 338 125 325 129 313 142 300 154 292 171 292 187 292 204 296 221 308 233L563 492 304 771C292 783 288 800 288 817 288 833 296 850 308 863 321 871 338 875 354 875 371 875 388 867 400 854L696 533Z\"><\/path><\/svg>\t\t\t\t\t\t<\/div>\n\t\t\t\t\t\t\t\t\t\t\t\t\t\t\t\t\t<\/div>\n\t\t\t\t<\/div>\n\t\t\t\t\t\t\t\t<div class=\"elementor-swiper\">\n\t\t\t\t\t<div class=\"elementor-main-swiper swiper elementor-thumbnails-swiper swiper\" role=\"region region\" aria-roledescription=\"carousel carousel\" aria-label=\"Slides Slides\">\n\t\t\t\t<div class=\"swiper-wrapper\">\n\t\t\t\t\t\t\t\t\t\t\t<div class=\"swiper-slide\" role=\"group\" aria-roledescription=\"slide\">\n\t\t\t\t\t\t\t\t\t<div class=\"elementor-carousel-image\" role=\"img\" aria-label=\"IFISIZ_wissenschaftliche_Fachtagung_Salafismus_in_Deutschland_2.jpg\" style=\"background-image: url(&#039;https:\/\/www.kudem.com\/wp-content\/uploads\/2019\/11\/IFISIZ_wissenschaftliche_Fachtagung_Salafismus_in_Deutschland_2.jpg&#039;)\">\n\n\t\t\t\n\t\t\t\t\t<\/div>\n\t\t\t\t\t\t\t\t<\/div>\n\t\t\t\t\t\t\t\t\t\t\t<div class=\"swiper-slide\" role=\"group\" aria-roledescription=\"slide\">\n\t\t\t\t\t\t\t\t\t<div class=\"elementor-carousel-image\" role=\"img\" aria-label=\"IFISIZ_wissenschaftliche_Fachtagung_Salafismus_in_Deutschland_66.jpg\" style=\"background-image: url(&#039;https:\/\/www.kudem.com\/wp-content\/uploads\/2019\/11\/IFISIZ_wissenschaftliche_Fachtagung_Salafismus_in_Deutschland_66.jpg&#039;)\">\n\n\t\t\t\n\t\t\t\t\t<\/div>\n\t\t\t\t\t\t\t\t<\/div>\n\t\t\t\t\t\t\t\t\t\t\t<div class=\"swiper-slide\" role=\"group\" aria-roledescription=\"slide\">\n\t\t\t\t\t\t\t\t\t<div class=\"elementor-carousel-image\" role=\"img\" aria-label=\"IFISIZ_wissenschaftliche_Fachtagung_Salafismus_in_Deutschland_74.jpg\" style=\"background-image: url(&#039;https:\/\/www.kudem.com\/wp-content\/uploads\/2019\/11\/IFISIZ_wissenschaftliche_Fachtagung_Salafismus_in_Deutschland_74.jpg&#039;)\">\n\n\t\t\t\n\t\t\t\t\t<\/div>\n\t\t\t\t\t\t\t\t<\/div>\n\t\t\t\t\t\t\t\t\t\t\t<div class=\"swiper-slide\" role=\"group\" aria-roledescription=\"slide\">\n\t\t\t\t\t\t\t\t\t<div class=\"elementor-carousel-image\" role=\"img\" aria-label=\"IFISIZ_wissenschaftliche_Fachtagung_Salafismus_in_Deutschland_62.jpg\" style=\"background-image: url(&#039;https:\/\/www.kudem.com\/wp-content\/uploads\/2019\/11\/IFISIZ_wissenschaftliche_Fachtagung_Salafismus_in_Deutschland_62.jpg&#039;)\">\n\n\t\t\t\n\t\t\t\t\t<\/div>\n\t\t\t\t\t\t\t\t<\/div>\n\t\t\t\t\t\t\t\t\t\t\t<div class=\"swiper-slide\" role=\"group\" aria-roledescription=\"slide\">\n\t\t\t\t\t\t\t\t\t<div class=\"elementor-carousel-image\" role=\"img\" aria-label=\"IFISIZ_wissenschaftliche_Fachtagung_Salafismus_in_Deutschland_64.jpg\" style=\"background-image: url(&#039;https:\/\/www.kudem.com\/wp-content\/uploads\/2019\/11\/IFISIZ_wissenschaftliche_Fachtagung_Salafismus_in_Deutschland_64.jpg&#039;)\">\n\n\t\t\t\n\t\t\t\t\t<\/div>\n\t\t\t\t\t\t\t\t<\/div>\n\t\t\t\t\t\t\t\t\t\t\t<div class=\"swiper-slide\" role=\"group\" aria-roledescription=\"slide\">\n\t\t\t\t\t\t\t\t\t<div class=\"elementor-carousel-image\" role=\"img\" aria-label=\"IFISIZ_wissenschaftliche_Fachtagung_Salafismus_in_Deutschland_5.jpg\" style=\"background-image: url(&#039;https:\/\/www.kudem.com\/wp-content\/uploads\/2019\/11\/IFISIZ_wissenschaftliche_Fachtagung_Salafismus_in_Deutschland_5.jpg&#039;)\">\n\n\t\t\t\n\t\t\t\t\t<\/div>\n\t\t\t\t\t\t\t\t<\/div>\n\t\t\t\t\t\t\t\t\t\t\t<div class=\"swiper-slide\" role=\"group\" aria-roledescription=\"slide\">\n\t\t\t\t\t\t\t\t\t<div class=\"elementor-carousel-image\" role=\"img\" aria-label=\"IFISIZ_wissenschaftliche_Fachtagung_Salafismus_in_Deutschland_9.jpg\" style=\"background-image: url(&#039;https:\/\/www.kudem.com\/wp-content\/uploads\/2019\/11\/IFISIZ_wissenschaftliche_Fachtagung_Salafismus_in_Deutschland_9.jpg&#039;)\">\n\n\t\t\t\n\t\t\t\t\t<\/div>\n\t\t\t\t\t\t\t\t<\/div>\n\t\t\t\t\t\t\t\t\t<\/div>\n\t\t\t\t\t\t\t\t\t\t\t\t\t\t\t\t\t\t\t\t\t<\/div>\n\t\t\t\t<\/div>\n\t\t\t\t\t\t\t\t<\/div>\n\t\t\t\t<\/div>\n\t\t\t\t\t<\/div>\n\t\t<\/div>\n\t\t\t\t\t<\/div>\n\t\t<\/section>\n\t\t\t\t<section class=\"elementor-section elementor-top-section elementor-element elementor-element-53c44bdd elementor-section-boxed elementor-section-height-default elementor-section-height-default\" data-id=\"53c44bdd\" data-element_type=\"section\" data-e-type=\"section\">\n\t\t\t\t\t\t<div class=\"elementor-container elementor-column-gap-default\">\n\t\t\t\t\t<div class=\"elementor-column elementor-col-100 elementor-top-column elementor-element elementor-element-661fdae7\" data-id=\"661fdae7\" data-element_type=\"column\" data-e-type=\"column\">\n\t\t\t<div class=\"elementor-widget-wrap elementor-element-populated\">\n\t\t\t\t\t\t<div class=\"elementor-element elementor-element-1ba93df6 elementor-widget elementor-widget-text-editor\" data-id=\"1ba93df6\" data-element_type=\"widget\" data-e-type=\"widget\" data-widget_type=\"text-editor.default\">\n\t\t\t\t<div class=\"elementor-widget-container\">\n\t\t\t\t\t\t\t\t\tBaden-W\u00fcrttemberg \u0130stihbarat ve Anayasay\u0131 Koruma Te\u015fkilat\u0131\u2019nda g\u00f6rev yapan \u0130slam bilimcisi Dr. Benno K\u00f6pfer ise, ter\u00f6ristlerin bilhassa sosyal medyadaki profesyonel tan\u0131t\u0131m \u00e7al\u0131\u015fmalar\u0131 sayesinde gen\u00e7leri nas\u0131l kendi g\u00fcd\u00fcmlerine ald\u0131klar\u0131n\u0131 anlatarak, bu t\u00fcr e\u011filimlere kar\u015f\u0131 kendimizi sosyal a\u011flar\u0131 ve i\u015fbirli\u011fini geli\u015ftirmek suretiyle savunabilece\u011fimizi s\u00f6yledi.\t\t\t\t\t\t\t\t<\/div>\n\t\t\t\t<\/div>\n\t\t\t\t\t<\/div>\n\t\t<\/div>\n\t\t\t\t\t<\/div>\n\t\t<\/section>\n\t\t\t\t<\/div>\n\t\t","protected":false},"excerpt":{"rendered":"<p>KUDEM\u2019in destekledi\u011fi \u0130F\u0130S&amp;\u0130Z \u201eAlmanya\u2019da Selef\u00eelik\u201c konulu bilimsel oturum d\u00fczenledi\u0130sl\u00e2m\u00ee Ara\u015ft\u0131rmalar ve K\u00fclt\u00fcrleraras\u0131 \u0130\u015fbirli\u011fi Enstit\u00fcs\u00fc (\u0130F\u0130S&amp;\u0130Z), Mannheim belediyesiyle beraber ortakla\u015fa olarak, Avrupa M\u00fcsl\u00fcmanlar\u0131 K\u00fclt\u00fcrevi\u2019nin (KUDEM) himayesinde \u201cAlmanya\u2019da Selef\u00eelik: Sebepleri, Etkileri ve Al\u0131nmas\u0131 Gereken Tedbirler\u201d konulu bilimsel bir toplant\u0131 d\u00fczenledi. Almanya\u2019n\u0131n her b\u00f6lgesinden gelen 150\u2019yi a\u015fk\u0131n kat\u0131l\u0131mc\u0131n\u0131n i\u015ftirak etti\u011fi programda, alan\u0131nda yetkin uzman ve bilim adamlar\u0131 konuya [&hellip;]<\/p>\n","protected":false},"author":2,"featured_media":2037,"parent":4046,"menu_order":0,"comment_status":"closed","ping_status":"closed","template":"elementor_header_footer","meta":{"footnotes":""},"class_list":["post-3950","page","type-page","status-publish","has-post-thumbnail","hentry"],"_links":{"self":[{"href":"https:\/\/www.kudem.com\/tr\/wp-json\/wp\/v2\/pages\/3950","targetHints":{"allow":["GET"]}}],"collection":[{"href":"https:\/\/www.kudem.com\/tr\/wp-json\/wp\/v2\/pages"}],"about":[{"href":"https:\/\/www.kudem.com\/tr\/wp-json\/wp\/v2\/types\/page"}],"author":[{"embeddable":true,"href":"https:\/\/www.kudem.com\/tr\/wp-json\/wp\/v2\/users\/2"}],"replies":[{"embeddable":true,"href":"https:\/\/www.kudem.com\/tr\/wp-json\/wp\/v2\/comments?post=3950"}],"version-history":[{"count":0,"href":"https:\/\/www.kudem.com\/tr\/wp-json\/wp\/v2\/pages\/3950\/revisions"}],"up":[{"embeddable":true,"href":"https:\/\/www.kudem.com\/tr\/wp-json\/wp\/v2\/pages\/4046"}],"wp:featuredmedia":[{"embeddable":true,"href":"https:\/\/www.kudem.com\/tr\/wp-json\/wp\/v2\/media\/2037"}],"wp:attachment":[{"href":"https:\/\/www.kudem.com\/tr\/wp-json\/wp\/v2\/media?parent=3950"}],"curies":[{"name":"wp","href":"https:\/\/api.w.org\/{rel}","templated":true}]}}