{"id":4390,"date":"2020-05-02T10:05:43","date_gmt":"2020-05-02T08:05:43","guid":{"rendered":"https:\/\/kudem.apps-1and1.net\/prof-dr-huseyin-ilker-cinar"},"modified":"2022-06-08T22:41:39","modified_gmt":"2022-06-08T20:41:39","slug":"prof-dr-huseyin-ilker-cinar","status":"publish","type":"page","link":"https:\/\/www.kudem.com\/tr\/prof-dr-huseyin-ilker-cinar","title":{"rendered":"Prof. Dr. H\u00fcseyin \u0130lker \u00c7\u0131nar\u200b"},"content":{"rendered":"\t\t<div data-elementor-type=\"wp-page\" data-elementor-id=\"4390\" class=\"elementor elementor-4390 elementor-4383\" data-elementor-post-type=\"page\">\n\t\t\t\t\t\t<section class=\"elementor-section elementor-top-section elementor-element elementor-element-208ab80b elementor-section-height-min-height elementor-section-boxed elementor-section-height-default elementor-section-items-middle\" data-id=\"208ab80b\" data-element_type=\"section\" data-e-type=\"section\" data-settings=\"{&quot;background_background&quot;:&quot;classic&quot;}\">\n\t\t\t\t\t\t\t<div class=\"elementor-background-overlay\"><\/div>\n\t\t\t\t\t\t\t<div class=\"elementor-container elementor-column-gap-default\">\n\t\t\t\t\t<div class=\"elementor-column elementor-col-100 elementor-top-column elementor-element elementor-element-7ae0eff9\" data-id=\"7ae0eff9\" data-element_type=\"column\" data-e-type=\"column\">\n\t\t\t<div class=\"elementor-widget-wrap elementor-element-populated\">\n\t\t\t\t\t\t<div class=\"elementor-element elementor-element-907a4f3 elementor-widget elementor-widget-image\" data-id=\"907a4f3\" data-element_type=\"widget\" data-e-type=\"widget\" data-widget_type=\"image.default\">\n\t\t\t\t<div class=\"elementor-widget-container\">\n\t\t\t\t\t\t\t\t\t\t\t\t\t\t\t<img fetchpriority=\"high\" decoding=\"async\" width=\"960\" height=\"640\" src=\"https:\/\/www.kudem.com\/wp-content\/uploads\/2018\/07\/KUDEM_PROF_DR_H\u00dcSEYIN_ILKER_CINAR.jpg\" class=\"attachment-full size-full wp-image-533\" alt=\"\" srcset=\"https:\/\/www.kudem.com\/wp-content\/uploads\/2018\/07\/KUDEM_PROF_DR_H\u00dcSEYIN_ILKER_CINAR.jpg 960w, https:\/\/www.kudem.com\/wp-content\/uploads\/2018\/07\/KUDEM_PROF_DR_H\u00dcSEYIN_ILKER_CINAR-800x533.jpg 800w, https:\/\/www.kudem.com\/wp-content\/uploads\/2018\/07\/KUDEM_PROF_DR_H\u00dcSEYIN_ILKER_CINAR-150x100.jpg 150w, https:\/\/www.kudem.com\/wp-content\/uploads\/2018\/07\/KUDEM_PROF_DR_H\u00dcSEYIN_ILKER_CINAR-300x200.jpg 300w, https:\/\/www.kudem.com\/wp-content\/uploads\/2018\/07\/KUDEM_PROF_DR_H\u00dcSEYIN_ILKER_CINAR-768x512.jpg 768w\" sizes=\"(max-width: 960px) 100vw, 960px\" \/>\t\t\t\t\t\t\t\t\t\t\t\t\t\t\t<\/div>\n\t\t\t\t<\/div>\n\t\t\t\t<div class=\"elementor-element elementor-element-b24d9b elementor-widget elementor-widget-heading\" data-id=\"b24d9b\" data-element_type=\"widget\" data-e-type=\"widget\" data-widget_type=\"heading.default\">\n\t\t\t\t<div class=\"elementor-widget-container\">\n\t\t\t\t\t<h1 class=\"elementor-heading-title elementor-size-default\">Prof. Dr.<br> H\u00fcseyin \u0130lker \u00c7\u0131nar<\/h1>\t\t\t\t<\/div>\n\t\t\t\t<\/div>\n\t\t\t\t\t<\/div>\n\t\t<\/div>\n\t\t\t\t\t<\/div>\n\t\t<\/section>\n\t\t\t\t<section class=\"elementor-section elementor-top-section elementor-element elementor-element-22dba3cf elementor-section-boxed elementor-section-height-default elementor-section-height-default\" data-id=\"22dba3cf\" data-element_type=\"section\" data-e-type=\"section\">\n\t\t\t\t\t\t<div class=\"elementor-container elementor-column-gap-default\">\n\t\t\t\t\t<div class=\"elementor-column elementor-col-100 elementor-top-column elementor-element elementor-element-52a75499\" data-id=\"52a75499\" data-element_type=\"column\" data-e-type=\"column\">\n\t\t\t<div class=\"elementor-widget-wrap elementor-element-populated\">\n\t\t\t\t\t\t<div class=\"elementor-element elementor-element-2947d951 elementor-widget elementor-widget-text-editor\" data-id=\"2947d951\" data-element_type=\"widget\" data-e-type=\"widget\" data-widget_type=\"text-editor.default\">\n\t\t\t\t<div class=\"elementor-widget-container\">\n\t\t\t\t\t\t\t\t\t<p>1970\u2019de Yozgat\u2019ta do\u011fdu. \u0130lk ve orta \u00f6\u011frenimini Yerk\u00f6y (Yerk\u00f6y \u0130m\u00e2m Hatip Lisesi) ve Yozgat\u2019ta (Yozgat Lisesi) tamamlad\u0131. Y\u00fcksek \u00f6\u011frenimine Marmara \u00dcniversitesi \u0130l\u00e2hiyat Fak\u00fcltesi\u2019nde devam ederek 1993 y\u0131l\u0131nda buradan mezun oldu. Mezuniyet sonras\u0131 ilm\u00ee ara\u015ft\u0131rma ve \u00e7al\u0131\u015fmalar\u0131 nedeniyle (1993-1994) \u015eam\u2019da bulundu. \u015eam sonras\u0131 M\u00fcnih Ludwig Maximilian \u00dcniversitesi\u2019nde bir bu\u00e7uk y\u0131l yo\u011fun dil kursu alan Prof. Dr. \u00c7\u0131nar, daha sonra Almanya\u2019n\u0131n en eski \u00fcniversitesi olarak bilinen Heidelberg \u00dcniversitesi\u2019nin \u015earkiyat ve E\u011fitim Bilimleri fak\u00fcltelerinden mezun oldu. Mezuniyet sonras\u0131, Heidelberg \u00dcniversitesi\u2019nde \u201c\u0130sl\u00e2m Hukukunun III. Asra Kadar Geli\u015fimi\u201d \u00fczerine master \u00e7al\u0131\u015fmas\u0131n\u0131 tamamlayan Prof. Dr. \u00c7\u0131nar, 2002 y\u0131l\u0131nda yine ayn\u0131 \u00dcniversitede \u201cHad\u00eeslerde \u0130sl\u00e2m \u00d6ncesi (Arap) Devri(nin) I\u015f\u0131\u011f\u0131nda \u0130lk D\u00f6nem \u0130sl\u00e2m Hukuku\u201d adl\u0131 tezi ile doktora \u00e7al\u0131\u015fmas\u0131n\u0131 tamamlad\u0131.<\/p><p>2004-2005 e\u011fitim d\u00f6nemlerinde Frankfurt Johann Wolfgang Goethe \u00dcniversitesi\u2019nde \u201c\u0130sl\u00e2m Hukuku\u201d ve \u201c\u0130sl\u00e2m Tarihi\u201d alanlar\u0131nda dersler verdi. \u0130sl\u00e2m teolojisinin \u00e7e\u015fitli alanlar\u0131nda farkl\u0131 dillerde pek \u00e7ok bilimsel eser ve makaleleri yay\u0131nlanan Prof. Dr. H\u00fcseyin Ilker \u00c7\u0131nar, 2010 y\u0131l\u0131nda Marmara \u00dcniversitesi \u0130l\u00e2hiyat Fak\u00fcltesi\u2019nde girdi\u011fi s\u0131nav\u0131 ba\u015far\u0131yla tamamlayarak Tefsir Anabilim Dal\u0131\u2019nda do\u00e7ent oldu.\u00a0<\/p><p>2011 y\u0131l\u0131nda Osnabr\u00fcck \u00dcniversitesi\u2019nin \u0130sl\u00e2m \u0130l\u00e2hiyat\u0131 Enstit\u00fcs\u00fc\u2019ne Tefsir Profes\u00f6r\u00fc olarak atanan Prof. Dr. \u00c7\u0131nar, 2012-2017 y\u0131llar\u0131 aras\u0131nda Osnabr\u00fcck \u00dcniversitesi \u0130sl\u00e2m \u0130l\u00e2hiyat\u0131 Enstit\u00fcs\u00fc\u2019nde Tefsir Anabilim K\u00fcrs\u00fcs\u00fc\u2019n\u00fcn ba\u015fkanl\u0131\u011f\u0131 g\u00f6revini y\u00fcr\u00fctt\u00fc.<\/p><p>Do\u011fu ve Bat\u0131<span style=\"font-family: var( --e-global-typography-text-font-family ), Sans-serif; font-size: 1em;\">\u2019<\/span><span style=\"font-family: var( --e-global-typography-text-font-family ), Sans-serif; font-size: 1em;\">da alm\u0131\u015f oldu\u011fu modern e\u011fitimin yani s\u0131ra, klasik do\u011fu medrese usul\u00fcnce medrese e\u011fitimini ba\u015ftan sona tamamlayarak medreseden mucaz olan Prof. \u00c7\u0131nar, kl\u00e2sik us\u00fclde 12 ilim dal\u0131nda medrese usul\u00fcnce okutma icazetini alarak bu ilimlerin akademik perspektiften verilmesine y\u00f6nelik gerek m\u00fcfredat\u0131n haz\u0131rlanmas\u0131 ve gerekse bu m\u00fcfredata uygun kurumlar\u0131n olu\u015fmas\u0131, olu\u015fmu\u015f kurumlar\u0131n devaml\u0131l\u0131\u011f\u0131 ve g\u00fc\u00e7lenmesi hususunda \u2013 Avrupa\u2019da kurulmas\u0131na vesile oldu\u011fu vak\u0131f, enstit\u00fc, akademi ve yay\u0131n evi \u00fczerinden &#8211; her t\u00fcrl\u00fc deste\u011fi vererek, katk\u0131 sunmaya \u00e7al\u0131\u015fmaktad\u0131r.<\/span><\/p><p>B\u00fct\u00fcn bunlar\u0131n yan\u0131 s\u0131ra Prof. Dr. H\u00fcseyin \u0130lker \u00c7\u0131nar talebeleriyle birlikte 2004 y\u0131l\u0131nda Almanya\u2019n\u0131n Mannheim \u015fehrinde k\u00fclliye \u015feklinde tasarlanan KUDEM\u2019in (Kulturhaus der europ\u00e4ischen Muslime\/ Avrupa M\u00fcsl\u00fcmanlar\u0131 K\u00fclt\u00fcrevi), 2011 y\u0131l\u0131nda uluslararas\u0131 bir sempozyumla \u0130F\u0130S&amp;\u0130Z\u2019in (Institut f\u00fcr Islamische Studien und Interkulturelle Zusammenarbeit\/ \u0130sl\u00e2m\u00ee Ara\u015ft\u0131rmalar ve K\u00fclt\u00fcrleraras\u0131 \u0130\u015fbirli\u011fi Enstit\u00fcs\u00fc), 2013 y\u0131l\u0131nda \u0130F\u0130S&amp;\u0130Z Yay\u0131nlar\u0131\u2019n\u0131n, 2016\u2019da ise klasik medrese e\u011fitiminin akademik perspektiften verilmesini temin edecek olan \u0130F\u0130S&amp;\u0130Z el-Gazz\u00e2l\u00ee Akademisi\u2019nin kurulmas\u0131na Allah\u2019\u0131n sonsuz l\u00fctuf ve ihs\u00e2nlar\u0131yla vesile oldu. Talebeleriyle birlikte KUDEM ve \u0130F\u0130S&amp;\u0130Z\u2019in katk\u0131lar\u0131yla y\u00fcr\u00fctt\u00fc\u011f\u00fc 100.000 eserlik Avrupa\u2019n\u0131n en b\u00fcy\u00fck bilimsel \u0130sl\u00e2m K\u00fct\u00fcphanesi projesi (h\u00e2lihaz\u0131rda 75.000 cilt barkodlanm\u0131\u015f ve fi\u015flenmi\u015f eser), Almanca ve T\u00fcrk\u00e7e (40.000) a\u011f\u0131rl\u0131kl\u0131 olmak \u00fczere Arap\u00e7a, \u0130ngilizce ve Frans\u0131zca (10.000) kitaplar\u0131n da i\u00e7erisinde bulunaca\u011f\u0131 toplam 50.000 eserlik \u00c7ocuk K\u00fct\u00fcphanesi projesi gibi sosyal, bilimsel ve k\u00fclt\u00fcrel \u00e7al\u0131\u015fmalar\u0131, temsil etti\u011fi tasavvuf anlay\u0131\u015f ve alg\u0131s\u0131n\u0131n ilgili alanlarda d\u0131\u015fa vurumu olarak tan\u0131mlayan Prof. Dr. \u00c7\u0131nar, Kur\u2019\u00e2n ve S\u00fcnnet temelli, hur\u00e2felerden uzak, ilim-irf\u00e2n esasl\u0131, istik\u00e2mete dayal\u0131 bir tasavvuf anlay\u0131\u015f\u0131n\u0131n, insanl\u0131k ve insan\u0131m\u0131zla bulu\u015fmas\u0131 ad\u0131na yurt i\u00e7inde ve yurt d\u0131\u015f\u0131nda yapm\u0131\u015f oldu\u011fu bilimsel \u00e7al\u0131\u015fmalar\u0131n, toplant\u0131lar\u0131n, konferans ve sohbetlerin yan\u0131 s\u0131ra her hafta cumartesi g\u00fcnleri ikindi namaz\u0131 sonras\u0131 KUDEM\u2019de 19 y\u0131ld\u0131r m\u00fbtad olmak \u00fczere Kur\u2019\u00e2n-\u0131 Ker\u00eem ve had\u00ees-i \u015fer\u00eeflerin e\u015fsiz ikliminden ilgililere r\u00e2yihalar sunarak sohbetler \u00eer\u00e2d etmektedir.<\/p><p>Efendimiz\u2019in (a.s.) \u201c\u0130nsanlar\u0131n en hay\u0131rl\u0131s\u0131, insanlara faydal\u0131 oland\u0131r\u201d buyru\u011funa daima vurgu yapan Prof. Dr. H\u00fcseyin \u0130lker \u00c7\u0131nar, bir yandan ba\u015fta T\u00fcrkiye ve Avrupa olmak \u00fczere Ortado\u011fu ve Afrika \u00fclkelerinde alan\u0131yla ilgili bilimsel toplant\u0131lara kat\u0131l\u0131p, \u0130sl\u00e2m il\u00e2hiyat\u0131n\u0131n ba\u015fta Tefsir olmak \u00fczere F\u0131k\u0131h, Akaid ve Tasavvuf alanlar\u0131nda akademik ara\u015ft\u0131rma ve telif \u00e7al\u0131\u015fmalar\u0131n\u0131 yo\u011fun bir sekilde s\u00fcrd\u00fcr\u00fcrken, di\u011fer yandan akademik mahfillerde elde edilen bilgi-birikim ve tecr\u00fcbelerin kurumsalla\u015fmas\u0131, bu bilgi-birikim ve tecr\u00fcbelerin insanlarla bulu\u015fabilece\u011fi ve onlara daha faydal\u0131 olabilece\u011fi bilimsel, k\u00fclt\u00fcrel ve sanatsal kurum ve kurulu\u015flar\u0131n, yap\u0131lar\u0131na uygun, en g\u00fczel bir \u015fekilde olu\u015fturulmas\u0131na ayr\u0131 bir \u00f6nem atfetmektedir. Yo\u011fun mesai harcad\u0131\u011f\u0131 bilimsel ara\u015ft\u0131rma, telif \u00e7al\u0131\u015fmalar\u0131 ve alanlar\u0131nda yetkin bilim adamlar\u0131 yeti\u015ftirme proje ve \u00e7al\u0131\u015fmalar\u0131n\u0131n yan\u0131 s\u0131ra Prof. \u00c7\u0131nar,\u00a0 Avrupa\u2019da yapm\u0131\u015f oldu\u011fu bilimsel \u00e7al\u0131\u015fmalar\u0131n ve kurulmas\u0131na vesile oldu\u011fu akademik ve sosyal kurumlar\u0131n birikimlerinin T\u00fcrkiye\u2019ye\u00a0 yans\u0131mas\u0131 ad\u0131na Ankara\u2019da ve Yozgat\u2019ta kurulmas\u0131 arzu edilen, vak\u0131f ve enstit\u00fclerin olu\u015fturulmas\u0131 \u00fczerinde \u00e7al\u0131\u015fmaktad\u0131r.<\/p><p>\u0130sl\u00e2m\u2019\u0131n, \u00f6z\u00fcnden uzakla\u015fmadan bilimsel, k\u00fclt\u00fcrel ve sanatsal faaliyetlerle, Kur\u2019\u00e2n ahl\u00e2k\u0131ndan nasibini alm\u0131\u015f, muhlis-muhsin, ehil ve yetkin ki\u015filerce insan\u0131m\u0131za ve insanl\u0131\u011fa sunulmas\u0131 gerekti\u011fini daim if\u00e2de eden Prof. Dr. H\u00fcseyin \u0130lker \u00c7\u0131nar, evli ve \u00fc\u00e7 \u00e7ocuk babas\u0131d\u0131r.<\/p><h3>Eserleri:<\/h3><ol><li><span style=\"font-size: 16px;\"><span style=\"font-size: 16px;\"><span style=\"font-size: 16px;\">Die islamische \u00dcberlieferungsliteratur zur Rechtslage im Fr\u00fchislam unter Ber\u00fccksichtigung Altarabiens, M\u00fcnster 2003 (Doktora Tezi).<\/span><\/span><\/span><\/li><li>\u00a0Maria und Jesus im Islam: Darstellung anhand des Korans und der islamischen kanonischen Tradition unter Ber\u00fccksichtigung der islamischen Exegeten, Wiesbaden 2007.<\/li><li>\u00a0Die Religionen der Araber vor und in der fr\u00fchislamischen Zeit, Wiesbaden 2007.<\/li><li>\u00a0Spiritualit\u00e4t in Religion und Kultur: Judentum \u2013 Christentum \u2013 Islam (Raif Georges Khoury ile birlikte), Mannheim 2014.<\/li><li>\u00a0Koranwissenschaften und Koranexegese: Eine Einf\u00fchrung, Mannheim 2017.<\/li><li>\u00a0G\u00f6n\u00fcl Yaz\u0131lar\u0131. Kur\u2019\u00e2n-\u0131 Ker\u00eem ve Had\u00ees-i \u015eer\u00eeflerin I\u015f\u0131\u011f\u0131nda Tasavvuf ve G\u00fczel Ahl\u00e2k. Mannheim 2017.<\/li><li>Transformation rechtlicher Normen bei den Arabern in der fr\u00fchislamischen Zeit. Dargestellt im Lichte der muslimischen \u00dcberlieferungsliteratur. Mannheim 2018.<\/li><li>Et-Ta\u1e63avvuf ve\u2019l-a\u1e2bl\u0101\u1e33u\u2019l-\u1e25am\u012bde f\u012b \u1e0dav\u2019il-\u1e32ur\u02be\u0101n ve\u2019s-Sunne, trc.: Dr. H\u0101n\u012b \u015e\u00fckr\u012b, Kahire\/Mannheim 2020. (G\u00f6n\u00fcl Yaz\u0131lar\u0131. Kur\u2019\u00e2n-\u0131 Ker\u00eem ve Had\u00ees-i \u015eer\u00eeflerin I\u015f\u0131\u011f\u0131nda Tasavvuf ve G\u00fczel Ahl\u00e2k adl\u0131 eserin Arap\u00e7a terc\u00fcmesi)<\/li><li>Koranwissenschaften \u2013 \u02bfUl\u016bm al-Qur\u02be\u0101n. (2 cilt halinde bask\u0131ya haz\u0131rlan\u0131yor)<\/li><\/ol>\t\t\t\t\t\t\t\t<\/div>\n\t\t\t\t<\/div>\n\t\t\t\t\t<\/div>\n\t\t<\/div>\n\t\t\t\t\t<\/div>\n\t\t<\/section>\n\t\t\t\t<\/div>\n\t\t","protected":false},"excerpt":{"rendered":"<p>Prof. Dr. H\u00fcseyin \u0130lker \u00c7\u0131nar 1970\u2019de Yozgat\u2019ta do\u011fdu. \u0130lk ve orta \u00f6\u011frenimini Yerk\u00f6y (Yerk\u00f6y \u0130m\u00e2m Hatip Lisesi) ve Yozgat\u2019ta (Yozgat Lisesi) tamamlad\u0131. Y\u00fcksek \u00f6\u011frenimine Marmara \u00dcniversitesi \u0130l\u00e2hiyat Fak\u00fcltesi\u2019nde devam ederek 1993 y\u0131l\u0131nda buradan mezun oldu. Mezuniyet sonras\u0131 ilm\u00ee ara\u015ft\u0131rma ve \u00e7al\u0131\u015fmalar\u0131 nedeniyle (1993-1994) \u015eam\u2019da bulundu. \u015eam sonras\u0131 M\u00fcnih Ludwig Maximilian \u00dcniversitesi\u2019nde bir bu\u00e7uk y\u0131l yo\u011fun [&hellip;]<\/p>\n","protected":false},"author":2,"featured_media":533,"parent":0,"menu_order":0,"comment_status":"closed","ping_status":"closed","template":"elementor_header_footer","meta":{"footnotes":""},"class_list":["post-4390","page","type-page","status-publish","has-post-thumbnail","hentry"],"_links":{"self":[{"href":"https:\/\/www.kudem.com\/tr\/wp-json\/wp\/v2\/pages\/4390","targetHints":{"allow":["GET"]}}],"collection":[{"href":"https:\/\/www.kudem.com\/tr\/wp-json\/wp\/v2\/pages"}],"about":[{"href":"https:\/\/www.kudem.com\/tr\/wp-json\/wp\/v2\/types\/page"}],"author":[{"embeddable":true,"href":"https:\/\/www.kudem.com\/tr\/wp-json\/wp\/v2\/users\/2"}],"replies":[{"embeddable":true,"href":"https:\/\/www.kudem.com\/tr\/wp-json\/wp\/v2\/comments?post=4390"}],"version-history":[{"count":0,"href":"https:\/\/www.kudem.com\/tr\/wp-json\/wp\/v2\/pages\/4390\/revisions"}],"wp:featuredmedia":[{"embeddable":true,"href":"https:\/\/www.kudem.com\/tr\/wp-json\/wp\/v2\/media\/533"}],"wp:attachment":[{"href":"https:\/\/www.kudem.com\/tr\/wp-json\/wp\/v2\/media?parent=4390"}],"curies":[{"name":"wp","href":"https:\/\/api.w.org\/{rel}","templated":true}]}}